{"id":3532,"date":"2025-05-23T16:34:27","date_gmt":"2025-05-23T16:34:27","guid":{"rendered":"https:\/\/kvalitetazivota.org\/?page_id=3532"},"modified":"2025-06-10T15:18:45","modified_gmt":"2025-06-10T15:18:45","slug":"plava-fronta","status":"publish","type":"page","link":"https:\/\/kvalitetazivota.org\/en\/plava-fronta\/","title":{"rendered":"Plava fronta"},"content":{"rendered":"<div data-elementor-type=\"wp-page\" data-elementor-id=\"3532\" class=\"elementor elementor-3532\">\n\t\t\t\t<div class=\"elementor-element elementor-element-5d6d71a3 e-flex e-con-boxed e-con e-parent\" data-id=\"5d6d71a3\" data-element_type=\"container\" data-e-type=\"container\">\n\t\t\t\t\t<div class=\"e-con-inner\">\n\t\t\t\t<div class=\"elementor-element elementor-element-33ca05eb elementor-widget elementor-widget-heading\" data-id=\"33ca05eb\" data-element_type=\"widget\" data-e-type=\"widget\" data-widget_type=\"heading.default\">\n\t\t\t\t<div class=\"elementor-widget-container\">\n\t\t\t\t\t<h2 class=\"elementor-heading-title elementor-size-default\">PLAVA FRONTA \u2013 Mre\u017ea za obranu obale i pomorskog dobra<\/h2>\t\t\t\t<\/div>\n\t\t\t\t<\/div>\n\t\t\t\t\t<\/div>\n\t\t\t\t<\/div>\n\t\t<div class=\"elementor-element elementor-element-58120fb4 e-flex e-con-boxed e-con e-parent\" data-id=\"58120fb4\" data-element_type=\"container\" data-e-type=\"container\">\n\t\t\t\t\t<div class=\"e-con-inner\">\n\t\t<div class=\"elementor-element elementor-element-3d3d59c4 e-con-full e-flex e-con e-child\" data-id=\"3d3d59c4\" data-element_type=\"container\" data-e-type=\"container\">\n\t\t\t\t<div class=\"elementor-element elementor-element-704e1e3e elementor-widget elementor-widget-image\" data-id=\"704e1e3e\" data-element_type=\"widget\" data-e-type=\"widget\" data-widget_type=\"image.default\">\n\t\t\t\t<div class=\"elementor-widget-container\">\n\t\t\t\t\t\t\t\t\t\t\t\t\t\t\t<img fetchpriority=\"high\" decoding=\"async\" width=\"1024\" height=\"768\" src=\"https:\/\/kvalitetazivota.org\/wp-content\/uploads\/2025\/05\/WhatsApp-Image-2025-03-25-at-20.10.56-1024x768.jpeg\" class=\"attachment-large size-large wp-image-3589\" alt=\"\" srcset=\"https:\/\/kvalitetazivota.org\/wp-content\/uploads\/2025\/05\/WhatsApp-Image-2025-03-25-at-20.10.56-1024x768.jpeg 1024w, https:\/\/kvalitetazivota.org\/wp-content\/uploads\/2025\/05\/WhatsApp-Image-2025-03-25-at-20.10.56-300x225.jpeg 300w, https:\/\/kvalitetazivota.org\/wp-content\/uploads\/2025\/05\/WhatsApp-Image-2025-03-25-at-20.10.56-768x576.jpeg 768w, https:\/\/kvalitetazivota.org\/wp-content\/uploads\/2025\/05\/WhatsApp-Image-2025-03-25-at-20.10.56-1536x1152.jpeg 1536w, https:\/\/kvalitetazivota.org\/wp-content\/uploads\/2025\/05\/WhatsApp-Image-2025-03-25-at-20.10.56-16x12.jpeg 16w, https:\/\/kvalitetazivota.org\/wp-content\/uploads\/2025\/05\/WhatsApp-Image-2025-03-25-at-20.10.56.jpeg 1600w\" sizes=\"(max-width: 1024px) 100vw, 1024px\" \/>\t\t\t\t\t\t\t\t\t\t\t\t\t\t\t<\/div>\n\t\t\t\t<\/div>\n\t\t\t\t<\/div>\n\t\t<div class=\"elementor-element elementor-element-612bdda1 e-con-full e-flex e-con e-child\" data-id=\"612bdda1\" data-element_type=\"container\" data-e-type=\"container\">\n\t\t\t\t<div class=\"elementor-element elementor-element-260e5bd1 elementor-widget elementor-widget-text-editor\" data-id=\"260e5bd1\" data-element_type=\"widget\" data-e-type=\"widget\" data-widget_type=\"text-editor.default\">\n\t\t\t\t<div class=\"elementor-widget-container\">\n\t\t\t\t\t\t\t\t\t<p>Plava fronta nastala je kao prirodno pro\u0161irenje na\u0161eg projekta <i>Let's Protect Our Bay<\/i>, posve\u0107enog o\u010duvanju uvale Dajla\u2013Karigador. Tijekom rada na tom projektu postalo je jasno da se ne suo\u010davamo s izoliranim slu\u010dajem, ve\u0107 s obrascem koji se ponavlja du\u017e \u010ditave hrvatske obale.<\/p><p>Lu\u010dki zahvati sve se \u010de\u0161\u0107e provode uz zabrinutost dijela javnosti zbog izostanka stvarne procjene utjecaja na okoli\u0161, nedostatka transparentnog planiranja i ograni\u010denog uklju\u010divanja gra\u0111ana u procese odlu\u010divanja. Pomorski prostor \u2013 zajedni\u010dko dobro svih nas \u2013 u praksi se sve \u010de\u0161\u0107e koristi prete\u017eno za potrebe masovnog turizma, dok lokalne zajednice upozoravaju da ostaju bez glasa, bez komunalnih vezova, bez svoje tradicije i identiteta, uz sve vi\u0161e zaga\u0111enja i betonizacije.<\/p>\t\t\t\t\t\t\t\t<\/div>\n\t\t\t\t<\/div>\n\t\t\t\t<\/div>\n\t\t\t\t\t<\/div>\n\t\t\t\t<\/div>\n\t\t<div class=\"elementor-element elementor-element-70fb8283 e-flex e-con-boxed e-con e-parent\" data-id=\"70fb8283\" data-element_type=\"container\" data-e-type=\"container\">\n\t\t\t\t\t<div class=\"e-con-inner\">\n\t\t<div class=\"elementor-element elementor-element-39246a68 e-con-full e-flex e-con e-child\" data-id=\"39246a68\" data-element_type=\"container\" data-e-type=\"container\">\n\t\t\t\t<div class=\"elementor-element elementor-element-2c95d96c elementor-widget elementor-widget-image\" data-id=\"2c95d96c\" data-element_type=\"widget\" data-e-type=\"widget\" data-widget_type=\"image.default\">\n\t\t\t\t<div class=\"elementor-widget-container\">\n\t\t\t\t\t\t\t\t\t\t\t\t\t\t\t<img decoding=\"async\" width=\"1024\" height=\"682\" src=\"https:\/\/kvalitetazivota.org\/wp-content\/uploads\/2025\/05\/seagulls-5067489_1280-1024x682.jpg\" class=\"attachment-large size-large wp-image-3545\" alt=\"\" srcset=\"https:\/\/kvalitetazivota.org\/wp-content\/uploads\/2025\/05\/seagulls-5067489_1280-1024x682.jpg 1024w, https:\/\/kvalitetazivota.org\/wp-content\/uploads\/2025\/05\/seagulls-5067489_1280-300x200.jpg 300w, https:\/\/kvalitetazivota.org\/wp-content\/uploads\/2025\/05\/seagulls-5067489_1280-768x512.jpg 768w, https:\/\/kvalitetazivota.org\/wp-content\/uploads\/2025\/05\/seagulls-5067489_1280-18x12.jpg 18w, https:\/\/kvalitetazivota.org\/wp-content\/uploads\/2025\/05\/seagulls-5067489_1280.jpg 1280w\" sizes=\"(max-width: 1024px) 100vw, 1024px\" \/>\t\t\t\t\t\t\t\t\t\t\t\t\t\t\t<\/div>\n\t\t\t\t<\/div>\n\t\t\t\t<\/div>\n\t\t<div class=\"elementor-element elementor-element-4e819f6 e-con-full e-flex e-con e-child\" data-id=\"4e819f6\" data-element_type=\"container\" data-e-type=\"container\">\n\t\t\t\t<div class=\"elementor-element elementor-element-2b97cb5a elementor-widget elementor-widget-text-editor\" data-id=\"2b97cb5a\" data-element_type=\"widget\" data-e-type=\"widget\" data-widget_type=\"text-editor.default\">\n\t\t\t\t<div class=\"elementor-widget-container\">\n\t\t\t\t\t\t\t\t\t<p>Suo\u010deni s tim izazovima, odlu\u010dili smo se povezati i djelovati zajedno \u2013 kako bismo zagovarali pravedno, odr\u017eivo i zakonito upravljanje pomorskim prostorom, s vizijom za\u0161tite cijele obale, a ne samo bavljenjem pojedina\u010dnim slu\u010dajevima svatko za sebe.<\/p><p>Plavu frontu koordiniramo mi, udruga za podizanje kvalitete \u017eivota <b>Get to Life<\/b>, u suradnji s udrugama <b>Zelena Istra<\/b>, <b>Zelena akcija<\/b>, <b>Udruge \u017dmergo<\/b>, <b>Sensoria<\/b> i <b>DZUIP grada Crikvenice i okolice 1898<\/b>. Uz nas su brojne gra\u0111anske inicijative, pravnici, biolozi, urbanisti, sociolozi, in\u017eenjeri, kapetani, stru\u010dnjaci za buku i osjetilnu ekologiju, ronioci, aktivisti i svi oni koji vjeruju da pomorsko dobro mora ostati javno, dostupno i za\u0161ti\u0107eno \u2013 za nas i generacije koje dolaze.<\/p>\t\t\t\t\t\t\t\t<\/div>\n\t\t\t\t<\/div>\n\t\t\t\t<\/div>\n\t\t\t\t\t<\/div>\n\t\t\t\t<\/div>\n\t\t<div class=\"elementor-element elementor-element-c7b1ef4 e-flex e-con-boxed e-con e-parent\" data-id=\"c7b1ef4\" data-element_type=\"container\" data-e-type=\"container\">\n\t\t\t\t\t<div class=\"e-con-inner\">\n\t\t<div class=\"elementor-element elementor-element-594997b2 e-con-full e-flex e-con e-child\" data-id=\"594997b2\" data-element_type=\"container\" data-e-type=\"container\">\n\t\t\t\t<div class=\"elementor-element elementor-element-53f12361 elementor-widget elementor-widget-image\" data-id=\"53f12361\" data-element_type=\"widget\" data-e-type=\"widget\" data-widget_type=\"image.default\">\n\t\t\t\t<div class=\"elementor-widget-container\">\n\t\t\t\t\t\t\t\t\t\t\t\t\t\t\t<img decoding=\"async\" width=\"1024\" height=\"682\" src=\"https:\/\/kvalitetazivota.org\/wp-content\/uploads\/2025\/05\/keyboard-3685823_1280-1024x682.jpg\" class=\"attachment-large size-large wp-image-3550\" alt=\"\" srcset=\"https:\/\/kvalitetazivota.org\/wp-content\/uploads\/2025\/05\/keyboard-3685823_1280-1024x682.jpg 1024w, https:\/\/kvalitetazivota.org\/wp-content\/uploads\/2025\/05\/keyboard-3685823_1280-300x200.jpg 300w, https:\/\/kvalitetazivota.org\/wp-content\/uploads\/2025\/05\/keyboard-3685823_1280-768x512.jpg 768w, https:\/\/kvalitetazivota.org\/wp-content\/uploads\/2025\/05\/keyboard-3685823_1280-18x12.jpg 18w, https:\/\/kvalitetazivota.org\/wp-content\/uploads\/2025\/05\/keyboard-3685823_1280.jpg 1280w\" sizes=\"(max-width: 1024px) 100vw, 1024px\" \/>\t\t\t\t\t\t\t\t\t\t\t\t\t\t\t<\/div>\n\t\t\t\t<\/div>\n\t\t\t\t<\/div>\n\t\t<div class=\"elementor-element elementor-element-1bd61034 e-con-full e-flex e-con e-child\" data-id=\"1bd61034\" data-element_type=\"container\" data-e-type=\"container\">\n\t\t\t\t<div class=\"elementor-element elementor-element-5e453ef7 elementor-widget elementor-widget-text-editor\" data-id=\"5e453ef7\" data-element_type=\"widget\" data-e-type=\"widget\" data-widget_type=\"text-editor.default\">\n\t\t\t\t<div class=\"elementor-widget-container\">\n\t\t\t\t\t\t\t\t\t<p><b>Pozivamo vas da se pridru\u017eite!<\/b><\/p><p>Ako ste stru\u010dnjak bilo kojeg profila \u2013 pravnik, biolog, urbanist, in\u017eenjer, sociolog, ekonomist, arhitekt, pomorac, ronilac \u2013 va\u0161e znanje nam je potrebno.<\/p><p>Ako ste \u010dlan gra\u0111anske inicijative, lokalne udruge ili aktivist koji se suo\u010dava s devastacijom obale \u2013 niste sami, pove\u017eimo se.<\/p><p>Ako ste stanovnik obalnog podru\u010dja i primje\u0107ujete negativne promjene u svojoj zajednici \u2013 va\u0161e informacije s terena su dragocjene.<\/p><p>Ako ste osoba dobre volje koja \u017eeli pridonijeti pravednijem i odr\u017eivijem upravljanju pomorskim dobrom \u2013 dobrodo\u0161li ste.<\/p>\t\t\t\t\t\t\t\t<\/div>\n\t\t\t\t<\/div>\n\t\t\t\t<\/div>\n\t\t\t\t\t<\/div>\n\t\t\t\t<\/div>\n\t\t<div class=\"elementor-element elementor-element-1484740d e-flex e-con-boxed e-con e-parent\" data-id=\"1484740d\" data-element_type=\"container\" data-e-type=\"container\">\n\t\t\t\t\t<div class=\"e-con-inner\">\n\t\t<div class=\"elementor-element elementor-element-c2b398c e-con-full e-flex e-con e-child\" data-id=\"c2b398c\" data-element_type=\"container\" data-e-type=\"container\">\n\t\t\t\t<div class=\"elementor-element elementor-element-77ca5d77 elementor-widget elementor-widget-image\" data-id=\"77ca5d77\" data-element_type=\"widget\" data-e-type=\"widget\" data-widget_type=\"image.default\">\n\t\t\t\t<div class=\"elementor-widget-container\">\n\t\t\t\t\t\t\t\t\t\t\t\t\t\t\t<img loading=\"lazy\" decoding=\"async\" width=\"1024\" height=\"731\" src=\"https:\/\/kvalitetazivota.org\/wp-content\/uploads\/2025\/05\/Plava-fronta-3-1024x731.png\" class=\"attachment-large size-large wp-image-3549\" alt=\"\" srcset=\"https:\/\/kvalitetazivota.org\/wp-content\/uploads\/2025\/05\/Plava-fronta-3-1024x731.png 1024w, https:\/\/kvalitetazivota.org\/wp-content\/uploads\/2025\/05\/Plava-fronta-3-300x214.png 300w, https:\/\/kvalitetazivota.org\/wp-content\/uploads\/2025\/05\/Plava-fronta-3-768x548.png 768w, https:\/\/kvalitetazivota.org\/wp-content\/uploads\/2025\/05\/Plava-fronta-3-18x12.png 18w, https:\/\/kvalitetazivota.org\/wp-content\/uploads\/2025\/05\/Plava-fronta-3.png 1280w\" sizes=\"(max-width: 1024px) 100vw, 1024px\" \/>\t\t\t\t\t\t\t\t\t\t\t\t\t\t\t<\/div>\n\t\t\t\t<\/div>\n\t\t\t\t<\/div>\n\t\t<div class=\"elementor-element elementor-element-2464ab9a e-con-full e-flex e-con e-child\" data-id=\"2464ab9a\" data-element_type=\"container\" data-e-type=\"container\">\n\t\t\t\t<div class=\"elementor-element elementor-element-5062bb6 elementor-widget elementor-widget-text-editor\" data-id=\"5062bb6\" data-element_type=\"widget\" data-e-type=\"widget\" data-widget_type=\"text-editor.default\">\n\t\t\t\t<div class=\"elementor-widget-container\">\n\t\t\t\t\t\t\t\t\t<p>Zato smo otvorili privatnu Facebook grupu<a href=\"https:\/\/www.facebook.com\/groups\/954578883293768\/\" target=\"_blank\" rel=\"nofollow noopener\"> <i>Plava fronta<\/i> <\/a>\u2013 sigurno i fokusirano mjesto za razmjenu znanja, iskustava i me\u0111usobnu podr\u0161ku svima koji se suo\u010davaju s netransparentnim ili \u0161tetnim zahvatima u obalnom prostoru, kao i s neodgovornim odnosom prema obali i moru.<\/p><p>Grupa je zatvorenog tipa kako bismo o\u010duvali kvalitetu komunikacije i me\u0111usobno povjerenje. Prije pristupa grupi potrebno je ispuniti prijavni upitnik na Facebooku.<\/p><p>Ostanak u grupi mogu\u0107 je nakon kratkog predstavljanja, u kojem trebate navesti razloge za uklju\u010divanje i na koji na\u010din mo\u017eete i \u017eelite doprinijeti zajednici.<\/p>\t\t\t\t\t\t\t\t<\/div>\n\t\t\t\t<\/div>\n\t\t\t\t<\/div>\n\t\t\t\t\t<\/div>\n\t\t\t\t<\/div>\n\t\t<div class=\"elementor-element elementor-element-6aa42c98 e-flex e-con-boxed e-con e-parent\" data-id=\"6aa42c98\" data-element_type=\"container\" data-e-type=\"container\">\n\t\t\t\t\t<div class=\"e-con-inner\">\n\t\t<div class=\"elementor-element elementor-element-f05b37e e-con-full e-flex e-con e-child\" data-id=\"f05b37e\" data-element_type=\"container\" data-e-type=\"container\">\n\t\t\t\t<div class=\"elementor-element elementor-element-2482eba6 elementor-widget elementor-widget-image\" data-id=\"2482eba6\" data-element_type=\"widget\" data-e-type=\"widget\" data-widget_type=\"image.default\">\n\t\t\t\t<div class=\"elementor-widget-container\">\n\t\t\t\t\t\t\t\t\t\t\t\t\t\t\t<img loading=\"lazy\" decoding=\"async\" width=\"1024\" height=\"683\" src=\"https:\/\/kvalitetazivota.org\/wp-content\/uploads\/2025\/05\/vis-2965282_1280-1024x683.jpg\" class=\"attachment-large size-large wp-image-3579\" alt=\"\" srcset=\"https:\/\/kvalitetazivota.org\/wp-content\/uploads\/2025\/05\/vis-2965282_1280-1024x683.jpg 1024w, https:\/\/kvalitetazivota.org\/wp-content\/uploads\/2025\/05\/vis-2965282_1280-300x200.jpg 300w, https:\/\/kvalitetazivota.org\/wp-content\/uploads\/2025\/05\/vis-2965282_1280-768x512.jpg 768w, https:\/\/kvalitetazivota.org\/wp-content\/uploads\/2025\/05\/vis-2965282_1280-18x12.jpg 18w, https:\/\/kvalitetazivota.org\/wp-content\/uploads\/2025\/05\/vis-2965282_1280.jpg 1280w\" sizes=\"(max-width: 1024px) 100vw, 1024px\" \/>\t\t\t\t\t\t\t\t\t\t\t\t\t\t\t<\/div>\n\t\t\t\t<\/div>\n\t\t\t\t<\/div>\n\t\t<div class=\"elementor-element elementor-element-7dd6988c e-con-full e-flex e-con e-child\" data-id=\"7dd6988c\" data-element_type=\"container\" data-e-type=\"container\">\n\t\t\t\t<div class=\"elementor-element elementor-element-172764ce elementor-widget elementor-widget-text-editor\" data-id=\"172764ce\" data-element_type=\"widget\" data-e-type=\"widget\" data-widget_type=\"text-editor.default\">\n\t\t\t\t<div class=\"elementor-widget-container\">\n\t\t\t\t\t\t\t\t\t<p><strong>\u0160to je cilj grupe?<\/strong><\/p><ul><li>Pravovremena razmjena informacija o \u0161tetnim ili kontroverznim projektima na obali<\/li><li>Pra\u0107enje javnih savjetovanja i objave stru\u010dnih elaborata<\/li><li>Pru\u017eanje podr\u0161ke i stru\u010dnih smjernica iz razli\u010ditih podru\u010dja<\/li><li>Uklju\u010divanje u kampanje, javne rasprave i zakonodavne procese<\/li><li>Umre\u017eavanje i suradnja svih koji se suo\u010davaju sa sli\u010dnim izazovima du\u017e obale<\/li><\/ul>\t\t\t\t\t\t\t\t<\/div>\n\t\t\t\t<\/div>\n\t\t\t\t<\/div>\n\t\t\t\t\t<\/div>\n\t\t\t\t<\/div>\n\t\t<div class=\"elementor-element elementor-element-7b4a570 e-flex e-con-boxed e-con e-parent\" data-id=\"7b4a570\" data-element_type=\"container\" data-e-type=\"container\" data-settings=\"{&quot;background_background&quot;:&quot;classic&quot;}\">\n\t\t\t\t\t<div class=\"e-con-inner\">\n\t\t<div class=\"elementor-element elementor-element-562b120e e-con-full e-flex e-con e-child\" data-id=\"562b120e\" data-element_type=\"container\" data-e-type=\"container\">\n\t\t\t\t<div class=\"elementor-element elementor-element-7e849576 elementor-widget__width-initial elementor-widget elementor-widget-text-editor\" data-id=\"7e849576\" data-element_type=\"widget\" data-e-type=\"widget\" data-widget_type=\"text-editor.default\">\n\t\t\t\t<div class=\"elementor-widget-container\">\n\t\t\t\t\t\t\t\t\t<p>Na\u0161 je cilj stvoriti sna\u017enu zajednicu \u2013 mre\u017eu ljudi, stru\u010dnjaka, organizacija, inicijativa i gra\u0111ana lokalnih zajednica \u2013 koja \u0107e zajedni\u010dki \u0161tititi obalu i \u017eivot uz more.<\/p><p>Ako dijelite na\u0161e vrijednosti \u2013 <a href=\"https:\/\/www.facebook.com\/groups\/954578883293768\/\" target=\"_blank\" rel=\"nofollow noopener\">pridru\u017eite se<\/a>.<\/p><p>Jer obala nije ni\u010dije privatno vlasni\u0161tvo \u2013 ona pripada svima nama.<\/p>\t\t\t\t\t\t\t\t<\/div>\n\t\t\t\t<\/div>\n\t\t\t\t<\/div>\n\t\t\t\t\t<\/div>\n\t\t\t\t<\/div>\n\t\t<div class=\"elementor-element elementor-element-2ff2ccd9 e-flex e-con-boxed e-con e-parent\" data-id=\"2ff2ccd9\" data-element_type=\"container\" data-e-type=\"container\">\n\t\t\t\t\t<div class=\"e-con-inner\">\n\t\t<div class=\"elementor-element elementor-element-6407a6ad e-con-full e-flex e-con e-child\" data-id=\"6407a6ad\" data-element_type=\"container\" data-e-type=\"container\">\n\t\t\t\t<div class=\"elementor-element elementor-element-4c326625 elementor-widget elementor-widget-text-editor\" data-id=\"4c326625\" data-element_type=\"widget\" data-e-type=\"widget\" data-widget_type=\"text-editor.default\">\n\t\t\t\t<div class=\"elementor-widget-container\">\n\t\t\t\t\t\t\t\t\t<p>If you have a similar problem<\/p>\t\t\t\t\t\t\t\t<\/div>\n\t\t\t\t<\/div>\n\t\t\t\t<div class=\"elementor-element elementor-element-c11a6e2 elementor-align-center elementor-widget elementor-widget-button\" data-id=\"c11a6e2\" data-element_type=\"widget\" data-e-type=\"widget\" data-widget_type=\"button.default\">\n\t\t\t\t<div class=\"elementor-widget-container\">\n\t\t\t\t\t\t\t\t\t<div class=\"elementor-button-wrapper\">\n\t\t\t\t\t<a class=\"elementor-button elementor-button-link elementor-size-sm\" href=\"https:\/\/kvalitetazivota.org\/en\/kontakt\/\">\n\t\t\t\t\t\t<span class=\"elementor-button-content-wrapper\">\n\t\t\t\t\t\t\t\t\t<span class=\"elementor-button-text\">Tell us a story<\/span>\n\t\t\t\t\t<\/span>\n\t\t\t\t\t<\/a>\n\t\t\t\t<\/div>\n\t\t\t\t\t\t\t\t<\/div>\n\t\t\t\t<\/div>\n\t\t\t\t<\/div>\n\t\t<div class=\"elementor-element elementor-element-6bb6168a e-con-full e-flex e-con e-child\" data-id=\"6bb6168a\" data-element_type=\"container\" data-e-type=\"container\">\n\t\t\t\t<div class=\"elementor-element elementor-element-641079fe elementor-widget elementor-widget-text-editor\" data-id=\"641079fe\" data-element_type=\"widget\" data-e-type=\"widget\" data-widget_type=\"text-editor.default\">\n\t\t\t\t<div class=\"elementor-widget-container\">\n\t\t\t\t\t\t\t\t\t<p>If you want to protect the coast too<\/p>\t\t\t\t\t\t\t\t<\/div>\n\t\t\t\t<\/div>\n\t\t\t\t<div class=\"elementor-element elementor-element-49b6f614 elementor-align-center elementor-widget elementor-widget-button\" data-id=\"49b6f614\" data-element_type=\"widget\" data-e-type=\"widget\" data-widget_type=\"button.default\">\n\t\t\t\t<div class=\"elementor-widget-container\">\n\t\t\t\t\t\t\t\t\t<div class=\"elementor-button-wrapper\">\n\t\t\t\t\t<a class=\"elementor-button elementor-button-link elementor-size-sm\" href=\"https:\/\/kvalitetazivota.org\/en\/kontakt\/\">\n\t\t\t\t\t\t<span class=\"elementor-button-content-wrapper\">\n\t\t\t\t\t\t\t\t\t<span class=\"elementor-button-text\">Join us<\/span>\n\t\t\t\t\t<\/span>\n\t\t\t\t\t<\/a>\n\t\t\t\t<\/div>\n\t\t\t\t\t\t\t\t<\/div>\n\t\t\t\t<\/div>\n\t\t\t\t<\/div>\n\t\t<div class=\"elementor-element elementor-element-5d666de7 e-con-full e-flex e-con e-child\" data-id=\"5d666de7\" data-element_type=\"container\" data-e-type=\"container\">\n\t\t\t\t<div class=\"elementor-element elementor-element-2b8d35fa elementor-widget elementor-widget-text-editor\" data-id=\"2b8d35fa\" data-element_type=\"widget\" data-e-type=\"widget\" data-widget_type=\"text-editor.default\">\n\t\t\t\t<div class=\"elementor-widget-container\">\n\t\t\t\t\t\t\t\t\t<p>If you want to help us continue and expand the project<\/p>\t\t\t\t\t\t\t\t<\/div>\n\t\t\t\t<\/div>\n\t\t\t\t<div class=\"elementor-element elementor-element-36c3636b elementor-align-center elementor-widget elementor-widget-button\" data-id=\"36c3636b\" data-element_type=\"widget\" data-e-type=\"widget\" data-widget_type=\"button.default\">\n\t\t\t\t<div class=\"elementor-widget-container\">\n\t\t\t\t\t\t\t\t\t<div class=\"elementor-button-wrapper\">\n\t\t\t\t\t<a class=\"elementor-button elementor-button-link elementor-size-sm\" href=\"https:\/\/kvalitetazivota.org\/en\/kontakt\/#donate\">\n\t\t\t\t\t\t<span class=\"elementor-button-content-wrapper\">\n\t\t\t\t\t\t\t\t\t<span class=\"elementor-button-text\">Donate<\/span>\n\t\t\t\t\t<\/span>\n\t\t\t\t\t<\/a>\n\t\t\t\t<\/div>\n\t\t\t\t\t\t\t\t<\/div>\n\t\t\t\t<\/div>\n\t\t\t\t<\/div>\n\t\t\t\t\t<\/div>\n\t\t\t\t<\/div>\n\t\t\t\t<\/div>","protected":false},"excerpt":{"rendered":"<p>PLAVA FRONTA \u2013 Mre\u017ea za obranu obale i pomorskog dobra Plava fronta nastala je kao prirodno pro\u0161irenje na\u0161eg projekta Za\u0161titimo na\u0161u uvalu, posve\u0107enog o\u010duvanju uvale Dajla\u2013Karigador. Tijekom rada na tom projektu postalo je jasno da se ne suo\u010davamo s izoliranim slu\u010dajem, ve\u0107 s obrascem koji se ponavlja du\u017e \u010ditave hrvatske obale. Lu\u010dki zahvati sve se [&hellip;]<\/p>\n","protected":false},"author":2,"featured_media":0,"parent":0,"menu_order":0,"comment_status":"closed","ping_status":"closed","template":"","meta":{"site-sidebar-layout":"no-sidebar","site-content-layout":"page-builder","ast-site-content-layout":"full-width-container","site-content-style":"default","site-sidebar-style":"default","ast-global-header-display":"","ast-banner-title-visibility":"","ast-main-header-display":"","ast-hfb-above-header-display":"","ast-hfb-below-header-display":"","ast-hfb-mobile-header-display":"","site-post-title":"disabled","ast-breadcrumbs-content":"","ast-featured-img":"disabled","footer-sml-layout":"","ast-disable-related-posts":"","theme-transparent-header-meta":"","adv-header-id-meta":"","stick-header-meta":"","header-above-stick-meta":"","header-main-stick-meta":"","header-below-stick-meta":"","astra-migrate-meta-layouts":"set","ast-page-background-enabled":"default","ast-page-background-meta":{"desktop":{"background-color":"","background-image":"","background-repeat":"repeat","background-position":"center center","background-size":"auto","background-attachment":"scroll","background-type":"","background-media":"","overlay-type":"","overlay-color":"","overlay-opacity":"","overlay-gradient":""},"tablet":{"background-color":"","background-image":"","background-repeat":"repeat","background-position":"center center","background-size":"auto","background-attachment":"scroll","background-type":"","background-media":"","overlay-type":"","overlay-color":"","overlay-opacity":"","overlay-gradient":""},"mobile":{"background-color":"","background-image":"","background-repeat":"repeat","background-position":"center center","background-size":"auto","background-attachment":"scroll","background-type":"","background-media":"","overlay-type":"","overlay-color":"","overlay-opacity":"","overlay-gradient":""}},"ast-content-background-meta":{"desktop":{"background-color":"var(--ast-global-color-5)","background-image":"","background-repeat":"repeat","background-position":"center center","background-size":"auto","background-attachment":"scroll","background-type":"","background-media":"","overlay-type":"","overlay-color":"","overlay-opacity":"","overlay-gradient":""},"tablet":{"background-color":"var(--ast-global-color-5)","background-image":"","background-repeat":"repeat","background-position":"center center","background-size":"auto","background-attachment":"scroll","background-type":"","background-media":"","overlay-type":"","overlay-color":"","overlay-opacity":"","overlay-gradient":""},"mobile":{"background-color":"var(--ast-global-color-5)","background-image":"","background-repeat":"repeat","background-position":"center center","background-size":"auto","background-attachment":"scroll","background-type":"","background-media":"","overlay-type":"","overlay-color":"","overlay-opacity":"","overlay-gradient":""}},"footnotes":""},"class_list":["post-3532","page","type-page","status-publish","hentry"],"_links":{"self":[{"href":"https:\/\/kvalitetazivota.org\/en\/wp-json\/wp\/v2\/pages\/3532","targetHints":{"allow":["GET"]}}],"collection":[{"href":"https:\/\/kvalitetazivota.org\/en\/wp-json\/wp\/v2\/pages"}],"about":[{"href":"https:\/\/kvalitetazivota.org\/en\/wp-json\/wp\/v2\/types\/page"}],"author":[{"embeddable":true,"href":"https:\/\/kvalitetazivota.org\/en\/wp-json\/wp\/v2\/users\/2"}],"replies":[{"embeddable":true,"href":"https:\/\/kvalitetazivota.org\/en\/wp-json\/wp\/v2\/comments?post=3532"}],"version-history":[{"count":0,"href":"https:\/\/kvalitetazivota.org\/en\/wp-json\/wp\/v2\/pages\/3532\/revisions"}],"wp:attachment":[{"href":"https:\/\/kvalitetazivota.org\/en\/wp-json\/wp\/v2\/media?parent=3532"}],"curies":[{"name":"wp","href":"https:\/\/api.w.org\/{rel}","templated":true}]}}